{"id":79436,"date":"2026-09-03T10:55:04","date_gmt":"2026-09-03T10:55:04","guid":{"rendered":"https:\/\/albatrosrealestate.com\/property\/3bd-apartment-of-65m2-for-rent-in-susanj-bar\/"},"modified":"2026-09-03T11:05:18","modified_gmt":"2026-09-03T11:05:18","slug":"3bd-apartment-of-65m2-for-rent-in-susanj-bar","status":"publish","type":"property","link":"https:\/\/albatrosrealestate.com\/de\/property\/3bd-apartment-of-65m2-for-rent-in-susanj-bar\/","title":{"rendered":"3 Zimmer Wohnung 65 m\u00b2 in Susanj, Bar zu vermieten"},"content":{"rendered":"<p>In \u0160u\u0161anj, in der N\u00e4he der Anto-\u0110edovi\u0107-Schule, steht eine 65 m\u00b2 gro\u00dfe 3-Zimmer-Wohnung zur Miete. Die Wohnung befindet sich in bester Lage, unweit des Meeres und des Stadtzentrums. Sie ist wie auf den Bildern m\u00f6bliert und besteht aus drei Schlafzimmern, einem Wohnzimmer, einer K\u00fcche und einem Badezimmer.<\/p>\n<p>Die Wohnung wird ganzj\u00e4hrig vermietet. Die monatliche Miete betr\u00e4gt 400 Euro zuz\u00fcglich Nebenkosten. Die Zahlung setzt sich aus der ersten Monatsmiete und einer Kaution zusammen.<\/p>\n<p>Bei Interesse senden Sie mir bitte einen Link \u00fcber WhatsApp. Meine Telefonnummer ist +38269218866. Ich melde mich schnellstm\u00f6glich bei Ihnen. Wir sind montags bis freitags von 9:00 bis 16:00 Uhr erreichbar. Sie finden uns in der N\u00e4he der Crvena Banka, in der Stra\u00dfe, in der sich auch das Restaurant Sjever befindet. Sie finden uns auf Google Maps:<br \/>\nhttps:\/\/maps.app.goo.gl\/dkwrDyye5EAEWRJh9<\/p>\n","protected":false},"excerpt":{"rendered":"<p>In \u0160u\u0161anj, in der N\u00e4he der Anto-\u0110edovi\u0107-Schule, steht eine 65 m\u00b2 gro\u00dfe 3-Zimmer-Wohnung zur Miete. Die Wohnung befindet sich in bester Lage, unweit des Meeres und des Stadtzentrums. Sie ist wie auf den Bildern m\u00f6bliert und besteht aus drei Schlafzimmern, einem Wohnzimmer, einer K\u00fcche und einem Badezimmer. Die Wohnung wird ganzj\u00e4hrig vermietet. Die monatliche Miete [&hellip;]<\/p>\n","protected":false},"author":9,"featured_media":79372,"parent":0,"menu_order":0,"template":"","property_type":[501],"property_status":[650],"property_feature":[637,636],"property_label":[635],"property_city":[508],"property_area":[630],"class_list":["post-79436","property","type-property","status-publish","has-post-thumbnail","hentry","property_type-wohnung","property_status-langfristige-miete-de","property_feature-balkon-de","property_feature-klimaanlage-de","property_label-neuere-bauweise-de","property_city-bar-de","property_area-susanj-de"],"property_meta":{"_wpml_word_count":["{\"total\":154,\"to_translate\":{\"en\":154,\"me\":154,\"ru\":154,\"tr\":154}}"],"rank_math_internal_links_processed":["1"],"rank_math_seo_score":["11"],"rank_math_contentai_score":["a:5:{s:8:\"keywords\";s:5:\"74.51\";s:9:\"wordCount\";s:1:\"0\";s:9:\"linkCount\";s:1:\"0\";s:12:\"headingCount\";s:1:\"0\";s:10:\"mediaCount\";s:1:\"0\";}"],"houzez_geolocation_lat":["42.1162811"],"houzez_geolocation_long":["19.0931387"],"houzez_featured_listing_date":[""],"fave_loggedintoview":["0"],"_monsterinsights_sitenote_active":["0"],"_houzez_expiration_date_status":["saved"],"_wpml_media_duplicate":["0"],"_wpml_media_featured":["0"],"_oembed_e9e8cefd460d71f0b541bd8895a36a9c":["{{unknown}}"],"_last_translation_edit_mode":["native-editor"],"_thumbnail_id":["79372"],"_edit_lock":["1788433384:9"],"_edit_last":["9"],"fave_property_images":["79371","79376","79381","79386","79391","79396","79401","79416","79421","79411"],"om_disable_all_campaigns":[""],"houzez_manual_expire":["0"],"fave_property_price":["400"],"fave_property_price_postfix":["monthly"],"fave_property_size":["65"],"fave_property_size_prefix":["m\u00b2"],"fave_property_bedrooms":["3"],"fave_property_bathrooms":["1"],"fave_property_id":["AZ-339"],"fave_property_map":["0"],"fave_property_map_address":["\u0160u\u0161anj, Op\u0161tina Bar, Crna Gora \/ \u0426\u0440\u043d\u0430 \u0413\u043e\u0440\u0430"],"fave_property_location":["42.1162811,19.0931387,15"],"fave_property_map_street_view":["hide"],"fave_featured":["0"],"fave_agent_display_option":["agent_info"],"fave_agents":["46913"],"fave_prop_homeslider":["no"],"fave_single_top_area":["global"],"fave_single_content_area":["global"],"houzez_total_property_views":["12"],"houzez_views_by_date":["a:3:{s:10:\"09-03-2026\";i:2;s:10:\"09-04-2026\";i:7;s:10:\"09-05-2026\";i:3;}"],"houzez_recently_viewed":["2026-09-05 06:54:08"]},"_links":{"self":[{"href":"https:\/\/albatrosrealestate.com\/de\/wp-json\/wp\/v2\/properties\/79436","targetHints":{"allow":["GET"]}}],"collection":[{"href":"https:\/\/albatrosrealestate.com\/de\/wp-json\/wp\/v2\/properties"}],"about":[{"href":"https:\/\/albatrosrealestate.com\/de\/wp-json\/wp\/v2\/types\/property"}],"author":[{"embeddable":true,"href":"https:\/\/albatrosrealestate.com\/de\/wp-json\/wp\/v2\/users\/9"}],"version-history":[{"count":2,"href":"https:\/\/albatrosrealestate.com\/de\/wp-json\/wp\/v2\/properties\/79436\/revisions"}],"predecessor-version":[{"id":79438,"href":"https:\/\/albatrosrealestate.com\/de\/wp-json\/wp\/v2\/properties\/79436\/revisions\/79438"}],"wp:featuredmedia":[{"embeddable":true,"href":"https:\/\/albatrosrealestate.com\/de\/wp-json\/wp\/v2\/media\/79372"}],"wp:attachment":[{"href":"https:\/\/albatrosrealestate.com\/de\/wp-json\/wp\/v2\/media?parent=79436"}],"wp:term":[{"taxonomy":"property_type","embeddable":true,"href":"https:\/\/albatrosrealestate.com\/de\/wp-json\/wp\/v2\/property_type?post=79436"},{"taxonomy":"property_status","embeddable":true,"href":"https:\/\/albatrosrealestate.com\/de\/wp-json\/wp\/v2\/property_status?post=79436"},{"taxonomy":"property_feature","embeddable":true,"href":"https:\/\/albatrosrealestate.com\/de\/wp-json\/wp\/v2\/property_feature?post=79436"},{"taxonomy":"property_label","embeddable":true,"href":"https:\/\/albatrosrealestate.com\/de\/wp-json\/wp\/v2\/property_label?post=79436"},{"taxonomy":"property_city","embeddable":true,"href":"https:\/\/albatrosrealestate.com\/de\/wp-json\/wp\/v2\/property_city?post=79436"},{"taxonomy":"property_area","embeddable":true,"href":"https:\/\/albatrosrealestate.com\/de\/wp-json\/wp\/v2\/property_area?post=79436"}],"curies":[{"name":"wp","href":"https:\/\/api.w.org\/{rel}","templated":true}]}}